{"id":90,"date":"2017-01-14T01:36:26","date_gmt":"2017-01-14T00:36:26","guid":{"rendered":"http:\/\/fahrschulebanane.de\/?page_id=90"},"modified":"2026-08-25T14:18:34","modified_gmt":"2026-08-25T13:18:34","slug":"aktuelles","status":"publish","type":"page","link":"http:\/\/fahrschulebanane.de\/?page_id=90","title":{"rendered":"Aktuelles"},"content":{"rendered":"\n<p>September ausgebucht <\/p>\n\n\n\n<p><strong>W\u00e4hred der Ferien ist unser B\u00fcro nur Mittwochs ge\u00f6ffnet<\/strong> <\/p>\n\n\n\n<p><strong>Auf Wunsch f\u00e4hrst du bei uns auch voll elektrisch.<\/strong><\/p>\n\n\n\n<p>Wenn du dich schon <strong><span class=\"has-inline-color has-vivid-red-color\">sicher<\/span><\/strong> f\u00fcr unsere Fahrschule entschieden hast und dich anmelden m\u00f6chtest, geh einfach auf die Seite <strong>Kontakt &amp; Onlineanmeldung<\/strong>, oder besuche uns im B\u00fcro.<\/p>\n","protected":false},"excerpt":{"rendered":"<p>September ausgebucht W\u00e4hred der Ferien ist unser B\u00fcro nur Mittwochs ge\u00f6ffnet Auf Wunsch f\u00e4hrst du bei uns auch voll elektrisch. Wenn du dich schon sicher f\u00fcr unsere Fahrschule entschieden hast und dich anmelden m\u00f6chtest, geh einfach auf die Seite Kontakt <a class=\"more-link\" href=\"http:\/\/fahrschulebanane.de\/?page_id=90\">weiterlesen  <span class=\"screen-reader-text\">  Aktuelles<\/span><span class=\"meta-nav\">&rarr;<\/span><\/a><\/p>\n","protected":false},"author":1,"featured_media":0,"parent":0,"menu_order":1,"comment_status":"closed","ping_status":"closed","template":"","meta":[],"_links":{"self":[{"href":"http:\/\/fahrschulebanane.de\/index.php?rest_route=\/wp\/v2\/pages\/90"}],"collection":[{"href":"http:\/\/fahrschulebanane.de\/index.php?rest_route=\/wp\/v2\/pages"}],"about":[{"href":"http:\/\/fahrschulebanane.de\/index.php?rest_route=\/wp\/v2\/types\/page"}],"author":[{"embeddable":true,"href":"http:\/\/fahrschulebanane.de\/index.php?rest_route=\/wp\/v2\/users\/1"}],"replies":[{"embeddable":true,"href":"http:\/\/fahrschulebanane.de\/index.php?rest_route=%2Fwp%2Fv2%2Fcomments&post=90"}],"version-history":[{"count":137,"href":"http:\/\/fahrschulebanane.de\/index.php?rest_route=\/wp\/v2\/pages\/90\/revisions"}],"predecessor-version":[{"id":1151,"href":"http:\/\/fahrschulebanane.de\/index.php?rest_route=\/wp\/v2\/pages\/90\/revisions\/1151"}],"wp:attachment":[{"href":"http:\/\/fahrschulebanane.de\/index.php?rest_route=%2Fwp%2Fv2%2Fmedia&parent=90"}],"curies":[{"name":"wp","href":"https:\/\/api.w.org\/{rel}","templated":true}]}}